{"id":119,"date":"2009-10-01T09:27:05","date_gmt":"2009-10-01T07:27:05","guid":{"rendered":"http:\/\/www.djk-erlangen.de\/verein\/?page_id=119"},"modified":"2016-01-22T14:09:21","modified_gmt":"2016-01-22T13:09:21","slug":"djk-erlangen-ein-verein-stellt-sich-vor","status":"publish","type":"page","link":"https:\/\/www.djk-erlangen.de\/verein\/?page_id=119","title":{"rendered":"DJK Erlangen &#8211; ein Verein stellt sich vor"},"content":{"rendered":"<p>Die Deutsche Jugendkraft &#8211; kurz\u00a0DJK &#8211; Erlangen wurde 1921 als katholischer M\u00e4nnersportverein gegr\u00fcndet.<\/p>\n<p>Als solcher wurde die DJK, wie alle christlichen Sportvereine in Deutschland, w\u00e4hrend des 2. Weltkrieges von den Nazis verboten. Kurz vor der Enteignung vereinbarte Pr\u00e4lat Ambros Neund\u00f6rfer mit dem damaligen Vorstand der Erlanger Baumwollspinnerei, dass das Grundst\u00fcck am Alterlanger See an die Erba \u00fcbertragen wird und die DJK ihr Grundst\u00fcck nach dem Ende der Nazizeit wieder erh\u00e4lt.<\/p>\n<p>Nachdem das tausendj\u00e4hrige Reich nur wenige Jahre hielt und sowohl Pr\u00e4lat Neund\u00f6rfer als auch sein Vertragspartner bei der Erba den Krieg \u00fcberlebten, konnte die DJK nach dem Krieg wieder gegr\u00fcndet werden.<\/p>\n<p>Heute\u00a0&#8211;\u00a0\u00fcber 90 Jahre nach der Vereinsgr\u00fcndung\u00a0&#8211;\u00a0ist die DJK kein katholischer M\u00e4nnerverein mehr. Die DJK ist offen f\u00fcr alle. Aber auch die moderne DJK lebt die Grunds\u00e4tze ihrer Gr\u00fcndungsv\u00e4ter und des DJK-Verbandes.<\/p>\n<p>Eine Chronik zum\u00a075-j\u00e4hrigen Jubil\u00e4um finden Sie\u00a0<a href=\"http:\/\/www.djk-erlangen.de\/verein\/wp-content\/uploads\/2009\/10\/chronik.html\">hier<\/a>.<\/p>\n<p><strong><br \/>\n<\/strong><\/p>\n<h4>&#8222;Sport um der Menschen willen&#8220;<\/h4>\n<p>Dies bedeutet,\u00a0dass die DJK Erlangen ihre sportlichen Aktivit\u00e4ten an den christlichen Leitbildern ausrichtet.<\/p>\n<p>Bei uns geht es nicht um Erfolg &#8222;koste es, was es wolle&#8220;, es geht auch nicht um Egoismus und pers\u00f6nliche Erfolge, sondern um Gemeinschaft, Integration und Miteinander.<\/p>\n<p>Wer also nicht nur den kurzfristigen Erfolg, sondern Gemeinschaft und sportliches Miteinander sucht, der ist bei der DJK Erlangen besonders\u00a0gut aufgehoben\u00a0&#8211; egal ob im Fu\u00dfball, Handball oder Tennis oder in unserer &#8222;vierten Abteilung&#8220;, der Vereinsgastst\u00e4tte.<\/p>\n<p>Herzlich willkommen bei der <strong>DJK Erlangen<\/strong>.<\/p>\n","protected":false},"excerpt":{"rendered":"<p>Die Deutsche Jugendkraft &#8211; kurz\u00a0DJK &#8211; Erlangen wurde 1921 als katholischer M\u00e4nnersportverein gegr\u00fcndet. Als solcher wurde die DJK, wie alle christlichen Sportvereine in Deutschland, w\u00e4hrend des 2. Weltkrieges von den Nazis verboten. Kurz vor der Enteignung vereinbarte Pr\u00e4lat Ambros Neund\u00f6rfer &hellip; <a href=\"https:\/\/www.djk-erlangen.de\/verein\/?page_id=119\">Weiterlesen <span class=\"meta-nav\">&rarr;<\/span><\/a><\/p>\n","protected":false},"author":5,"featured_media":0,"parent":2,"menu_order":1,"comment_status":"closed","ping_status":"open","template":"","meta":{"jetpack_post_was_ever_published":false,"footnotes":""},"class_list":["post-119","page","type-page","status-publish","hentry"],"jetpack_sharing_enabled":true,"jetpack_shortlink":"https:\/\/wp.me\/P9Syja-1V","_links":{"self":[{"href":"https:\/\/www.djk-erlangen.de\/verein\/index.php?rest_route=\/wp\/v2\/pages\/119","targetHints":{"allow":["GET"]}}],"collection":[{"href":"https:\/\/www.djk-erlangen.de\/verein\/index.php?rest_route=\/wp\/v2\/pages"}],"about":[{"href":"https:\/\/www.djk-erlangen.de\/verein\/index.php?rest_route=\/wp\/v2\/types\/page"}],"author":[{"embeddable":true,"href":"https:\/\/www.djk-erlangen.de\/verein\/index.php?rest_route=\/wp\/v2\/users\/5"}],"replies":[{"embeddable":true,"href":"https:\/\/www.djk-erlangen.de\/verein\/index.php?rest_route=%2Fwp%2Fv2%2Fcomments&post=119"}],"version-history":[{"count":12,"href":"https:\/\/www.djk-erlangen.de\/verein\/index.php?rest_route=\/wp\/v2\/pages\/119\/revisions"}],"predecessor-version":[{"id":1800,"href":"https:\/\/www.djk-erlangen.de\/verein\/index.php?rest_route=\/wp\/v2\/pages\/119\/revisions\/1800"}],"up":[{"embeddable":true,"href":"https:\/\/www.djk-erlangen.de\/verein\/index.php?rest_route=\/wp\/v2\/pages\/2"}],"wp:attachment":[{"href":"https:\/\/www.djk-erlangen.de\/verein\/index.php?rest_route=%2Fwp%2Fv2%2Fmedia&parent=119"}],"curies":[{"name":"wp","href":"https:\/\/api.w.org\/{rel}","templated":true}]}}